{"id":191,"date":"2022-03-21T03:17:22","date_gmt":"2022-03-21T03:17:22","guid":{"rendered":"https:\/\/shtheme.com\/demosd\/nowarch\/?page_id=191"},"modified":"2025-11-19T12:19:30","modified_gmt":"2025-11-19T11:19:30","slug":"estudio-arquitectura-ibiza","status":"publish","type":"page","link":"https:\/\/mgagarquitectos.com\/website\/estudio-arquitectura-ibiza\/","title":{"rendered":"ESTUDIO"},"content":{"rendered":"\t\t<div data-elementor-type=\"wp-page\" data-elementor-id=\"191\" class=\"elementor elementor-191\">\n\t\t\t\t\t\t<section class=\"has_eae_slider elementor-section elementor-top-section elementor-element elementor-element-cdf8345 elementor-section-full_width elementor-section-height-default elementor-section-height-default exad-glass-effect-no exad-sticky-section-no\" data-id=\"cdf8345\" data-element_type=\"section\">\n\t\t\t\t\t\t<div class=\"elementor-container elementor-column-gap-no\">\n\t\t\t\t\t<div class=\"has_eae_slider elementor-column elementor-col-100 elementor-top-column elementor-element elementor-element-93c0d43 exad-glass-effect-no exad-sticky-section-no\" data-id=\"93c0d43\" data-element_type=\"column\" data-settings=\"{&quot;animation_mobile&quot;:&quot;none&quot;}\">\n\t\t\t<div class=\"elementor-widget-wrap elementor-element-populated\">\n\t\t\t\t\t\t<div class=\"elementor-element elementor-element-6359965 exad-sticky-section-no exad-glass-effect-no elementor-widget elementor-widget-image\" data-id=\"6359965\" data-element_type=\"widget\" data-widget_type=\"image.default\">\n\t\t\t\t<div class=\"elementor-widget-container\">\n\t\t\t\t\t\t\t\t\t\t\t\t\t\t\t<img fetchpriority=\"high\" decoding=\"async\" width=\"900\" height=\"506\" src=\"https:\/\/mgagarquitectos.com\/website\/wp-content\/uploads\/2022\/01\/11-1024x576.jpg\" class=\"attachment-large size-large wp-image-67\" alt=\"\" srcset=\"https:\/\/mgagarquitectos.com\/website\/wp-content\/uploads\/2022\/01\/11-1024x576.jpg 1024w, https:\/\/mgagarquitectos.com\/website\/wp-content\/uploads\/2022\/01\/11-300x169.jpg 300w, https:\/\/mgagarquitectos.com\/website\/wp-content\/uploads\/2022\/01\/11-768x432.jpg 768w, https:\/\/mgagarquitectos.com\/website\/wp-content\/uploads\/2022\/01\/11-1536x864.jpg 1536w, https:\/\/mgagarquitectos.com\/website\/wp-content\/uploads\/2022\/01\/11.jpg 1920w\" sizes=\"(max-width: 900px) 100vw, 900px\" \/>\t\t\t\t\t\t\t\t\t\t\t\t\t\t\t<\/div>\n\t\t\t\t<\/div>\n\t\t\t\t<div class=\"elementor-element elementor-element-93c3fff elementor-align-left exad-sticky-section-no exad-glass-effect-no elementor-widget elementor-widget-pages-about\" data-id=\"93c3fff\" data-element_type=\"widget\" data-widget_type=\"pages-about.default\">\n\t\t\t\t<div class=\"elementor-widget-container\">\n\t\t\t\t\t        <!-- Header Banner section -->\n                <!-- About section -->\n        <section class=\"section-padding2\">\n            <div class=\"container\">\n            \t            \t                <div class=\"row\">\n                    <div class=\"col-md-12 mb-120 animate-box\" data-animate-effect=\"fadeInUp\">\n                        <div class=\"about\">\n                        \t                            <figure>\n                                <img decoding=\"async\" src=\"https:\/\/mgagarquitectos.com\/website\/wp-content\/uploads\/2016\/03\/Foto-Equipo-MGAG.jpg\" alt=\"\">\n                            <\/figure>\n                                                        <div class=\"caption\">\n                            \t                                <div class=\"section-number\">.01<\/div>\n                                                                                                <div class=\"section-subtitle\">MGAG ARQUITECTOS<\/div>\n                                                                                                <div class=\"section-title\">QUIENES SOMOS<\/div>\n                                                                                                <p style=\"color: #999999\">Miguel Garc\u00eda Quetglas y Andr\u00e9s Garc\u00eda Castiella, adem\u00e1s de ser padre e hijo, son los arquitectos que le dan nombre a la firma MGAG Arquitectos. <\/p>                                                            <\/div>\n                        <\/div>\n                    <\/div>\n                <\/div>\n                 \n                            <\/div>\n        <\/section>\n\n\t\t\t\t\t<\/div>\n\t\t\t\t<\/div>\n\t\t\t\t<div class=\"elementor-element elementor-element-469c0c1 exad-sticky-section-no exad-glass-effect-no elementor-widget elementor-widget-text-editor\" data-id=\"469c0c1\" data-element_type=\"widget\" data-widget_type=\"text-editor.default\">\n\t\t\t\t<div class=\"elementor-widget-container\">\n\t\t\t\t\t\t\t\t\t<p style=\"color: #999999; text-align: left;\">Asentados en Ibiza, se han especializado en lo que ellos llaman la \u00abdeconstrucci\u00f3n\u00bb de la tradicional arquitectura payesa; es decir, utilizan los mismos materiales que se usaban hace 500 a\u00f1os en la zona, aunque adapt\u00e1ndolos a geometr\u00edas especiales y a numerosas entradas de\u00a0luz\u00a0y\u00a0de\u00a0agua.<\/p>\t\t\t\t\t\t\t\t<\/div>\n\t\t\t\t<\/div>\n\t\t\t\t\t<\/div>\n\t\t<\/div>\n\t\t\t\t\t<\/div>\n\t\t<\/section>\n\t\t<div class=\"has_eae_slider elementor-element elementor-element-0436d49 e-flex e-con-boxed e-con e-parent\" data-id=\"0436d49\" data-element_type=\"container\">\n\t\t\t\t\t<div class=\"e-con-inner\">\n\t\t\t\t<div class=\"elementor-element elementor-element-2fb530d exad-sticky-section-no exad-glass-effect-no elementor-widget elementor-widget-heading\" data-id=\"2fb530d\" data-element_type=\"widget\" data-widget_type=\"heading.default\">\n\t\t\t\t<div class=\"elementor-widget-container\">\n\t\t\t\t\t<h1 class=\"elementor-heading-title elementor-size-default\"> Ibiza  arquitectura| Ibiza arquitectos<\/h1>\t\t\t\t<\/div>\n\t\t\t\t<\/div>\n\t\t\t\t\t<\/div>\n\t\t\t\t<\/div>\n\t\t\t\t<\/div>\n\t\t","protected":false},"excerpt":{"rendered":"<p>.01 MGAG ARQUITECTOS QUIENES SOMOS Miguel Garc\u00eda Quetglas y Andr\u00e9s Garc\u00eda Castiella, adem\u00e1s de ser padre e hijo, son los arquitectos que le dan nombre a la firma MGAG Arquitectos. Asentados en Ibiza, se han especializado en lo que ellos llaman la \u00abdeconstrucci\u00f3n\u00bb de la tradicional arquitectura payesa; es decir, utilizan los mismos materiales que [&hellip;]<\/p>\n","protected":false},"author":8,"featured_media":0,"parent":0,"menu_order":0,"comment_status":"closed","ping_status":"closed","template":"page-templates\/home-sidebar-template.php","meta":{"inline_featured_image":false,"footnotes":""},"class_list":["post-191","page","type-page","status-publish","hentry"],"_links":{"self":[{"href":"https:\/\/mgagarquitectos.com\/website\/wp-json\/wp\/v2\/pages\/191","targetHints":{"allow":["GET"]}}],"collection":[{"href":"https:\/\/mgagarquitectos.com\/website\/wp-json\/wp\/v2\/pages"}],"about":[{"href":"https:\/\/mgagarquitectos.com\/website\/wp-json\/wp\/v2\/types\/page"}],"author":[{"embeddable":true,"href":"https:\/\/mgagarquitectos.com\/website\/wp-json\/wp\/v2\/users\/8"}],"replies":[{"embeddable":true,"href":"https:\/\/mgagarquitectos.com\/website\/wp-json\/wp\/v2\/comments?post=191"}],"version-history":[{"count":63,"href":"https:\/\/mgagarquitectos.com\/website\/wp-json\/wp\/v2\/pages\/191\/revisions"}],"predecessor-version":[{"id":12727,"href":"https:\/\/mgagarquitectos.com\/website\/wp-json\/wp\/v2\/pages\/191\/revisions\/12727"}],"wp:attachment":[{"href":"https:\/\/mgagarquitectos.com\/website\/wp-json\/wp\/v2\/media?parent=191"}],"curies":[{"name":"wp","href":"https:\/\/api.w.org\/{rel}","templated":true}]}}